{"id":41,"date":"2018-06-06T17:12:07","date_gmt":"2018-06-06T15:12:07","guid":{"rendered":"http:\/\/unemainposee.fr\/?page_id=41"},"modified":"2021-01-08T19:17:54","modified_gmt":"2021-01-08T18:17:54","slug":"salons-evenementiels","status":"publish","type":"page","link":"https:\/\/unemainposee.fr\/index.php\/salons-evenementiels\/","title":{"rendered":"Salons \u00e9v\u00e9nementiels"},"content":{"rendered":"<div class='avia-image-container  av-styling-   avia-align-left '  itemscope=\"itemscope\" itemtype=\"https:\/\/schema.org\/ImageObject\"  ><div class='avia-image-container-inner'><img class='avia_image ' src='https:\/\/unemainposee.fr\/wp-content\/uploads\/2018\/08\/evenementiels.png' alt='' title='evenementiels'   itemprop=\"contentURL\"  \/><\/div><\/div>\n<div style='height:30px' class='hr hr-invisible '><span class='hr-inner ' ><span class='hr-inner-style'><\/span><\/span><\/div>\n<div class='flex_column_table av-equal-height-column-flextable' ><div class=\"flex_column av_three_fifth  flex_column_table_cell av-equal-height-column av-align-top av-zero-column-padding first  \" style='border-radius:0px; '><p><section class=\"av_textblock_section\"  itemscope=\"itemscope\" itemtype=\"https:\/\/schema.org\/CreativeWork\" ><div class='avia_textblock '   itemprop=\"text\" ><p><span style=\"font-family: verdana, geneva, sans-serif;\">Cette intervention est <strong>d\u00e9di\u00e9e aux \u00e9v\u00e9nements<\/strong>\u00a0tels que les salons, s\u00e9minaires, congr\u00e8s, expositions&#8230;\u00a0<\/span><\/p>\n<p><span style=\"font-family: verdana, geneva, sans-serif;\">Lors de <strong>salons, congr\u00e8s ou encore s\u00e9minaires<\/strong>,\u00a0proposez \u00e0 vos clients une <\/span><strong style=\"font-family: verdana, geneva, sans-serif;\">prestation &#8220;bien-\u00eatre&#8221;<\/strong><span style=\"font-family: verdana, geneva, sans-serif;\"> et accompagnez les \u00e0 &#8220;bien vivre&#8221; leurs \u00e9v\u00e9nements.<\/span><\/p>\n<p><span style=\"font-family: verdana, geneva, sans-serif;\">Lors <strong>d&#8217;expositions, \u00e9v\u00e9nements sportifs, spectacles<\/strong>&#8230; proposez une animation originale qui sera toujours appr\u00e9ci\u00e9e.<\/span><\/p>\n<p><span style=\"font-family: verdana, geneva, sans-serif;\">Les &#8220;<strong>Massages assis minute&#8221; <\/strong>offrent un temps de d\u00e9tente et de bien-\u00eatre. <\/span><span style=\"font-family: verdana, geneva, sans-serif;\">Dix minutes suffisent \u00e0 reposer, relaxer le corps et \u00e0 lui redonner ainsi toute son \u00e9nergie.<\/span><\/p>\n<\/div><\/section><br \/>\n<div style=' margin-top:30px; margin-bottom:30px;'  class='hr hr-custom hr-center hr-icon-yes '><span class='hr-inner   inner-border-av-border-thin' style=' width:50px; border-color:#7c8d6f;' ><span class='hr-inner-style'><\/span><\/span><span class='av-seperator-icon' style='color:#7c8d6f;' aria-hidden='true' data-av_icon='\ue855' data-av_iconfont='entypo-fontello'><\/span><span class='hr-inner   inner-border-av-border-thin' style=' width:50px; border-color:#7c8d6f;' ><span class='hr-inner-style'><\/span><\/span><\/div><br \/>\n<section class=\"av_textblock_section\"  itemscope=\"itemscope\" itemtype=\"https:\/\/schema.org\/CreativeWork\" ><div class='avia_textblock '   itemprop=\"text\" ><p><span style=\"font-family: verdana, geneva, sans-serif;\"><strong>Deux massages assis sont possibles selon la demande et les besoins<\/strong> :<\/span><\/p>\n<ul>\n<li><span style=\"font-family: verdana, geneva, sans-serif;\">Le massage du <strong>dos, <\/strong>des <strong>bras<\/strong> et de la<strong> nuque <\/strong>(construction habituelle d&#8217;un massage assis)<\/span><\/li>\n<li><span style=\"font-family: verdana, geneva, sans-serif;\">Le massage des <strong>jambes <\/strong>et des<strong> pieds<\/strong> (sp\u00e9cialement \u00e9labor\u00e9 pour les exposants)<\/span><\/li>\n<\/ul>\n<p><span style=\"font-family: verdana, geneva, sans-serif;\">Les deux se pratiquent habill\u00e9, sur une dur\u00e9e de 10 \u00e0 20 minutes.<\/span><\/p>\n<p><strong><span style=\"font-family: verdana, geneva, sans-serif;\">N\u2019h\u00e9sitez pas \u00e0 me contacter pour \u00e9changer sur vos besoins et connaitre les modalit\u00e9s d\u2019intervention.<\/span><\/strong><\/p>\n<\/div><\/section><\/p><\/div><div class='av-flex-placeholder'><\/div><div class=\"flex_column av_two_fifth  flex_column_table_cell av-equal-height-column av-align-top av-zero-column-padding   \" style='border-radius:0px; '><p><div class='avia-image-container  av-styling-   avia-align-center '  itemscope=\"itemscope\" itemtype=\"https:\/\/schema.org\/ImageObject\"  ><div class='avia-image-container-inner'><img class='avia_image ' src='https:\/\/unemainposee.fr\/wp-content\/uploads\/2018\/08\/evenementiel.png' alt='' title='evenementiel'   itemprop=\"contentURL\"  \/><\/div><\/div><br \/>\n<div style='height:50px' class='hr hr-invisible '><span class='hr-inner ' ><span class='hr-inner-style'><\/span><\/span><\/div><br \/>\n<section class=\"av_textblock_section\"  itemscope=\"itemscope\" itemtype=\"https:\/\/schema.org\/CreativeWork\" ><div class='avia_textblock '   itemprop=\"text\" ><h3><span style=\"color: #1a4750;\"><strong>Animations \u201cMassages assis\u201d:<\/strong><\/span><\/h3>\n<ul>\n<li><span style=\"font-family: verdana, geneva, sans-serif;\">Technique sp\u00e9cifique de toucher-d\u00e9tente, de courte dur\u00e9e<\/span><\/li>\n<li><span style=\"font-family: verdana, geneva, sans-serif;\">Se pratique \u00e0 m\u00eame les v\u00eatements sur des personnes confortablement install\u00e9es sur une chaise ergonomique<\/span><\/li>\n<li><span style=\"font-family: verdana, geneva, sans-serif;\">Cr\u00e9atif, dynamique et convivial ce massage s\u2019adapte \u00e0 chaque personne<\/span><\/li>\n<\/ul>\n<\/div><\/section><br \/>\n<section class=\"av_textblock_section\"  itemscope=\"itemscope\" itemtype=\"https:\/\/schema.org\/CreativeWork\" ><div class='avia_textblock '   itemprop=\"text\" ><h3><span style=\"color: #1a4750;\"><strong>Intervention \u201cMassages assis\u201d, Printemps du sport \u00e0 Pessac :<\/strong><\/span><\/h3>\n<p class=\"font_7\" style=\"text-align: center;\"><span style=\"font-family: verdana, geneva, sans-serif; color: #003366;\"><a style=\"color: #003366;\" href=\"http:\/\/unemainposee.fr\/wp-content\/uploads\/2019\/05\/IMG_4088.mov\" target=\"_blank\" rel=\"noopener\">D\u00e9monstration massage assis<\/a><\/span><\/p>\n<\/div><\/section><br \/>\n<div style='height:30px' class='hr hr-invisible '><span class='hr-inner ' ><span class='hr-inner-style'><\/span><\/span><\/div><br \/>\n<section class=\"av_textblock_section\"  itemscope=\"itemscope\" itemtype=\"https:\/\/schema.org\/CreativeWork\" ><div class='avia_textblock '   itemprop=\"text\" ><p class=\"font_7\" style=\"text-align: center;\"><span style=\"font-family: verdana, geneva, sans-serif;\">Pour consulter les tarifs, cliquez !<\/span><\/p>\n<\/div><\/section><br \/>\n<div class='avia-button-wrap avia-button-center '><a href='https:\/\/unemainposee.fr\/index.php\/tarifs\/' class='avia-button  avia-icon_select-no avia-color-theme-color avia-size-medium avia-position-center '   ><span class='avia_iconbox_title' >Tarifs<\/span><\/a><\/div><\/p><\/div><\/div><!--close column table wrapper. Autoclose:  --><\/p>\n","protected":false},"excerpt":{"rendered":"","protected":false},"author":1,"featured_media":0,"parent":0,"menu_order":0,"comment_status":"closed","ping_status":"closed","template":"","meta":[],"_links":{"self":[{"href":"https:\/\/unemainposee.fr\/index.php\/wp-json\/wp\/v2\/pages\/41"}],"collection":[{"href":"https:\/\/unemainposee.fr\/index.php\/wp-json\/wp\/v2\/pages"}],"about":[{"href":"https:\/\/unemainposee.fr\/index.php\/wp-json\/wp\/v2\/types\/page"}],"author":[{"embeddable":true,"href":"https:\/\/unemainposee.fr\/index.php\/wp-json\/wp\/v2\/users\/1"}],"replies":[{"embeddable":true,"href":"https:\/\/unemainposee.fr\/index.php\/wp-json\/wp\/v2\/comments?post=41"}],"version-history":[{"count":23,"href":"https:\/\/unemainposee.fr\/index.php\/wp-json\/wp\/v2\/pages\/41\/revisions"}],"predecessor-version":[{"id":2319,"href":"https:\/\/unemainposee.fr\/index.php\/wp-json\/wp\/v2\/pages\/41\/revisions\/2319"}],"wp:attachment":[{"href":"https:\/\/unemainposee.fr\/index.php\/wp-json\/wp\/v2\/media?parent=41"}],"curies":[{"name":"wp","href":"https:\/\/api.w.org\/{rel}","templated":true}]}}